{"id":829,"date":"2025-08-25T07:35:57","date_gmt":"2025-08-25T07:35:57","guid":{"rendered":"https:\/\/packmakers.es\/politica-de-privacidad\/"},"modified":"2025-10-08T08:56:34","modified_gmt":"2025-10-08T08:56:34","slug":"politica-de-privacidad","status":"publish","type":"page","link":"https:\/\/packmakers.es\/en\/politica-de-privacidad\/","title":{"rendered":"politica de privacidad"},"content":{"rendered":"<p>[et_pb_section fb_built=&#8221;1&#8243; fullwidth=&#8221;on&#8221; _builder_version=&#8221;4.27.4&#8243; _module_preset=&#8221;default&#8221; global_colors_info=&#8221;{}&#8221;][et_pb_fullwidth_header title=&#8221;POLITICA DE PRIVACIDAD&#8221; text_orientation=&#8221;center&#8221; header_scroll_down=&#8221;on&#8221; scroll_down_icon_color=&#8221;#FFFFFF&#8221; scroll_down_icon_size=&#8221;40px&#8221; logo_image_url=&#8221;https:\/\/packmakers.es\/wp-content\/uploads\/2025\/08\/PACKMAKERS-logo-500-blanco.png&#8221; _builder_version=&#8221;4.27.4&#8243; _module_preset=&#8221;default&#8221; title_font=&#8221;&#8211;et_global_body_font|600||on|||||&#8221; title_text_align=&#8221;center&#8221; title_letter_spacing=&#8221;1px&#8221; title_line_height=&#8221;1.4em&#8221; content_font=&#8221;&#8211;et_global_body_font|500|||||||&#8221; content_text_align=&#8221;center&#8221; content_letter_spacing=&#8221;1px&#8221; background_color=&#8221;#00a547&#8243; custom_padding=&#8221;32px||50px|||&#8221; child_filter_opacity=&#8221;20%&#8221; title_font_size_tablet=&#8221;26px&#8221; title_font_size_phone=&#8221;22px&#8221; title_font_size_last_edited=&#8221;on|desktop&#8221; global_colors_info=&#8221;{}&#8221;][\/et_pb_fullwidth_header][\/et_pb_section][et_pb_section fb_built=&#8221;1&#8243; fullwidth=&#8221;on&#8221; _builder_version=&#8221;4.27.4&#8243; _module_preset=&#8221;default&#8221; global_colors_info=&#8221;{}&#8221;][et_pb_fullwidth_header title=&#8221;Pol\u00edtica de privacidad&#8221; _builder_version=&#8221;4.27.4&#8243; _module_preset=&#8221;default&#8221; title_font=&#8221;&#8211;et_global_body_font|600||on|||||&#8221; title_text_align=&#8221;left&#8221; title_text_color=&#8221;#000000&#8243; title_letter_spacing=&#8221;1px&#8221; title_line_height=&#8221;1.4em&#8221; content_font=&#8221;&#8211;et_global_body_font|500|||||||&#8221; content_text_align=&#8221;left&#8221; content_text_color=&#8221;#000000&#8243; content_letter_spacing=&#8221;1px&#8221; background_color=&#8221;#FFFFFF&#8221; custom_padding=&#8221;32px||50px|||&#8221; child_filter_opacity=&#8221;20%&#8221; hover_enabled=&#8221;0&#8243; title_font_size_tablet=&#8221;26px&#8221; title_font_size_phone=&#8221;22px&#8221; title_font_size_last_edited=&#8221;on|desktop&#8221; global_colors_info=&#8221;{}&#8221; sticky_enabled=&#8221;0&#8243;]<\/p>\n<p>De conformidad con lo establecido en la normativa vigente y aplicable de protecci\u00f3n de datos de car\u00e1cter personal y la Ley 34\/2002, de 11 de julio, de Servicios de la Sociedad de la Informaci\u00f3n y de Comercio Electr\u00f3nico (LSSI-CE), INNOVATION PACKMAKERS SL informa a los usuarios, que ha procedido a crear un perfil en la\/s Red\/es Social\/es Facebook, Instagram, Linkedin, con la finalidad principal de publicitar sus productos y servicios.<\/p>\n<p>Datos de INNOVATION PACKMAKERS SL:<\/p>\n<ul>\n<li style=\"list-style-type: none;\">\n<ul>\n<li>NIF: B40565293<\/li>\n<li>CORREO ELECTR\u00d3NICO:\u00a0<a href=\"mailto:info@packmakers.es\">info@packmakers.es\u00a0<\/a>.<\/li>\n<\/ul>\n<\/li>\n<\/ul>\n<p>El usuario dispone de un perfil en la misma Red Social y ha decidido unirse a la p\u00e1gina creada por INNOVATION PACKMAKERS SL, mostrando as\u00ed inter\u00e9s en la informaci\u00f3n que se publicite en la Red. Al unirse a nuestra p\u00e1gina, nos facilita su consentimiento para el tratamiento de aquellos datos personales publicados en su perfil.<\/p>\n<p>El usuario puede acceder en todo momento a las pol\u00edticas de privacidad de la propia Red Social, as\u00ed como configurar su perfil para garantizar su privacidad.<\/p>\n<p>INNOVATION PACKMAKERS SL tiene acceso y trata aquella informaci\u00f3n p\u00fablica del usuario, en especial, su nombre de contacto. Estos datos, s\u00f3lo son utilizados dentro de la propia Red Social. No son incorporados a ning\u00fan sistema de tratamiento.<\/p>\n<h2 class=\"wp-block-heading\" style=\"text-align: left;\"><span style=\"color: #000000;\">Derechos de los interesados<\/span><\/h2>\n<p>En relaci\u00f3n a los derechos de acceso, rectificaci\u00f3n, limitaci\u00f3n de tratamiento, supresi\u00f3n, portabilidad y oposici\u00f3n al tratamiento de sus datos de car\u00e1cter personal, de los que usted dispone y que pueden ser ejercitados ante INNOVATION PACKMAKERS SL, de acuerdo con la RGPD, debe tener en cuenta los siguientes matices:<\/p>\n<ul>\n<li style=\"list-style-type: none;\">\n<ul>\n<li>Derecho de Acceso: Es el derecho del usuario a obtener informaci\u00f3n sobre sus datos concretos de car\u00e1cter personal y del tratamiento que se haya realizado o realice, as\u00ed como de la informaci\u00f3n disponible sobre el origen de dichos datos y las comunicaciones realizadas o previstas de los mismos.<\/li>\n<li>Derecho de Rectificaci\u00f3n: Es el derecho del afectado a que se modifiquen los datos que resulten ser inexactos o incompletos. S\u00f3lo podr\u00e1 satisfacerse en relaci\u00f3n a aquella informaci\u00f3n que se encuentre bajo el control de INNOVATION PACKMAKERS SL, por ejemplo, eliminar comentarios publicados en la propia p\u00e1gina, im\u00e1genes o contenidos web donde consten datos de car\u00e1cter personal del usuario.<\/li>\n<li>Derecho a la Limitaci\u00f3n de tratamiento: Es el derecho a que se limiten los fines del tratamiento previstos de forma original por el responsable del tratamiento.<\/li>\n<li>Derecho de Supresi\u00f3n: Es el derecho a suprimir los datos de car\u00e1cter personal del usuario, a excepci\u00f3n de lo previsto en el propio RGPD o en otras normativas aplicables que determinen la obligatoriedad de la conservaci\u00f3n de los mismos, en tiempo y forma.<\/li>\n<li>Derecho de portabilidad: El derecho a recibir los datos personales que el usuario, haya facilitado, en un formato estructurado, de uso com\u00fan y lectura mec\u00e1nica, y a transmitirlos a otro responsable.<\/li>\n<li>Derecho de Oposici\u00f3n: Es el derecho del usuario a que no se lleve a cabo el tratamiento de sus datos de car\u00e1cter personal o se cese el tratamiento de los mismos por parte de INNOVATION PACKMAKERS SL<\/li>\n<\/ul>\n<\/li>\n<\/ul>\n<p>&nbsp;<\/p>\n<p>INNOVATION PACKMAKERS SL realizar\u00e1 las siguientes actuaciones:<\/p>\n<ul>\n<li style=\"list-style-type: none;\">\n<ul>\n<li>Acceso a la informaci\u00f3n p\u00fablica del perfil.<\/li>\n<li>Publicaci\u00f3n en el perfil del usuario de toda aquella informaci\u00f3n ya publicada en la p\u00e1gina de INNOVATION PACKMAKERS SL.<\/li>\n<li>Enviar mensajes personales e individuales a trav\u00e9s de los canales de la Red Social. Actualizaciones del estado de la p\u00e1gina que se publicar\u00e1n en el perfil del usuario.<\/li>\n<\/ul>\n<\/li>\n<\/ul>\n<p>El usuario siempre puede controlar sus conexiones, eliminar los contenidos que dejen de interesarle y restringir con qui\u00e9n comparte sus conexiones, para ello deber\u00e1 acceder a su configuraci\u00f3n de privacidad.<\/p>\n<h2 class=\"wp-block-heading\" style=\"text-align: left;\"><span style=\"color: #000000;\">Publicaciones<\/span><\/h2>\n<p>El usuario, una vez unido a la p\u00e1gina de INNOVATION PACKMAKERS SL, podr\u00e1 publicar en \u00e9sta \u00faltima comentarios, enlaces, im\u00e1genes o fotograf\u00edas o cualquier otro tipo de contenido multimedia soportado por la Red Social. El usuario, en todos los casos, debe ser el titular de los mismos, gozar de los derechos de autor y de propiedad intelectual o contar con el consentimiento de los terceros afectados. Se proh\u00edbe expresamente cualquier publicaci\u00f3n en la p\u00e1gina, ya sean textos, gr\u00e1ficos, fotograf\u00edas, v\u00eddeos, etc. que atenten o sean susceptibles de atentar contra la moral, la \u00e9tica, el buen gusto o el decoro, y\/o que infrinjan, violen o quebranten los derechos de propiedad intelectual o industrial, el derecho a la imagen o la Ley. En estos casos, INNOVATION PACKMAKERS SL se reserva el derecho a retirar de inmediato el contenido, pudiendo solicitar el bloqueo permanente del usuario.<\/p>\n<p>INNOVATION PACKMAKERS SL no se har\u00e1 responsable de los contenidos que libremente ha publicado un usuario.<\/p>\n<p>El usuario debe tener presente que sus publicaciones ser\u00e1n conocidas por los otros usuarios, por lo que \u00e9l mismo es el principal responsable de su privacidad.<\/p>\n<p>Las im\u00e1genes que puedan publicarse en la p\u00e1gina no ser\u00e1n almacenadas en ning\u00fan sistema de tratamiento por parte de INNOVATION PACKMAKERS SL, pero s\u00ed que permanecer\u00e1n en la Red Social.<\/p>\n<h2 class=\"wp-block-heading\" style=\"text-align: left;\"><span style=\"color: #000000;\">Concursos y promociones<\/span><\/h2>\n<p>INNOVATION PACKMAKERS SL se reserva el derecho a realizar concursos y promociones, en los que podr\u00e1 participar el usuario unido a su p\u00e1gina. Las bases de cada uno de ellos, cuando se utilice para ello la plataforma de la Red Social, ser\u00e1n publicadas en la misma. Cumpliendo siempre con la LSSI-CE y con cualquier otra norma que le sea de aplicaci\u00f3n.<\/p>\n<p>La Red Social no patrocina, avala ni administra, de modo alguno, ninguna de nuestras promociones, ni est\u00e1 asociada a ninguna de ellas.<\/p>\n<h2 class=\"wp-block-heading\">\u00a0<\/h2>\n<h2 class=\"wp-block-heading\" style=\"text-align: left;\"><span style=\"color: #000000;\">POL\u00cdTICA DE PRIVACIDAD REDES SOCIALES<\/span><\/h2>\n<p><strong>POL\u00cdTICA DE PRIVACIDAD REDES SOCIALES packmakers.es<\/strong><br \/>De conformidad con lo establecido en la normativa vigente y aplicable de protecci\u00f3n de datos de car\u00e1cter<br \/>personal y la Ley 34\/2002, de 11 de julio, de Servicios de la Sociedad de la Informaci\u00f3n y de Comercio<br \/>Electr\u00f3nico (LSSI-CE), INNOVATION PACKMAKERS SL informa a los usuarios, que ha procedido a crear<br \/>un perfil en la\/s Red\/es Social\/es Facebook, X, Instagram, Linkedin, con la finalidad principal de publicitar<br \/>sus productos y servicios.<\/p>\n<p>Datos de INNOVATION PACKMAKERS SL:<\/p>\n<ul>\n<li style=\"list-style-type: none;\">\n<ul>\n<li>NIF: B40565293<\/li>\n<li>CORREO ELECTR\u00d3NICO:\u00a0<a href=\"mailto:INFO@PACKMAKERS.ES\">INFO@PACKMAKERS.ES<\/a><\/li>\n<\/ul>\n<\/li>\n<\/ul>\n<p>El usuario dispone de un perfil en la misma Red Social y ha decidido unirse a la p\u00e1gina creada por<br \/>INNOVATION PACKMAKERS SL, mostrando as\u00ed inter\u00e9s en la informaci\u00f3n que se publicite en la Red. Al<br \/>unirse a nuestra p\u00e1gina, nos facilita su consentimiento para el tratamiento de aquellos datos personales<br \/>publicados en su perfil.<br \/>El usuario puede acceder en todo momento a las pol\u00edticas de privacidad de la propia Red Social, as\u00ed como<br \/>configurar su perfil para garantizar su privacidad.<br \/>INNOVATION PACKMAKERS SL tiene acceso y trata aquella informaci\u00f3n p\u00fablica del usuario, en<br \/>especial, su nombre de contacto. Estos datos, s\u00f3lo son utilizados dentro de la propia Red Social. No son<br \/>incorporados a ning\u00fan sistema de tratamiento.<\/p>\n<p>En relaci\u00f3n a los derechos de acceso, rectificaci\u00f3n, limitaci\u00f3n de tratamiento, supresi\u00f3n, portabilidad y<br \/>oposici\u00f3n al tratamiento de sus datos de car\u00e1cter personal, de los que usted dispone y que pueden ser<br \/>ejercitados ante INNOVATION PACKMAKERS SL, de acuerdo con la RGPD, debe tener en cuenta los<br \/>siguientes matices:<\/p>\n<ul>\n<li style=\"list-style-type: none;\">\n<ul>\n<li>Derecho de Acceso: Es el derecho del usuario a obtener informaci\u00f3n sobre sus datos concretos<br \/>de car\u00e1cter personal y del tratamiento que se haya realizado o realice, as\u00ed como de la<br \/>informaci\u00f3n disponible sobre el origen de dichos datos y las comunicaciones realizadas o<br \/>previstas de los mismos.<\/li>\n<li>Derecho de Rectificaci\u00f3n: Es el derecho del afectado a que se modifiquen los datos que resulten<br \/>ser inexactos o incompletos. S\u00f3lo podr\u00e1 satisfacerse en relaci\u00f3n a aquella informaci\u00f3n que se<br \/>encuentre bajo el control de INNOVATION PACKMAKERS SL, por ejemplo, eliminar comentarios<br \/>publicados en la propia p\u00e1gina, im\u00e1genes o contenidos web donde consten datos de car\u00e1cter<br \/>personal del usuario.<\/li>\n<li>Derecho a la Limitaci\u00f3n de tratamiento: Es el derecho a que se limiten los fines del tratamiento<br \/>previstos de forma original por el responsable del tratamiento.<\/li>\n<li>Derecho de Supresi\u00f3n: Es el derecho a suprimir los datos de car\u00e1cter personal del usuario, a<br \/>excepci\u00f3n de lo previsto en el propio RGPD o en otras normativas aplicables que determinen la<br \/>obligatoriedad de la conservaci\u00f3n de los mismos, en tiempo y forma.<\/li>\n<li>Derecho de portabilidad: El derecho a recibir los datos personales que el usuario, haya facilitado,<br \/>en un formato estructurado, de uso com\u00fan y lectura mec\u00e1nica, y a transmitirlos a otro<br \/>responsable.<\/li>\n<li>Derecho de Oposici\u00f3n: Es el derecho del usuario a que no se lleve a cabo el tratamiento de sus<br \/>datos de car\u00e1cter personal o se cese el tratamiento de los mismos por parte de INNOVATION<br \/>PACKMAKERS SL.<\/li>\n<\/ul>\n<\/li>\n<\/ul>\n<p>INNOVATION PACKMAKERS SL realizar\u00e1 las siguientes actuaciones: :<\/p>\n<ul>\n<li style=\"list-style-type: none;\">\n<ul>\n<li>Acceso a la informaci\u00f3n p\u00fablica del perfil.<\/li>\n<li>Publicaci\u00f3n en el perfil del usuario de toda aquella informaci\u00f3n ya publicada en la p\u00e1gina de<br \/>INNOVATION PACKMAKERS SL.<\/li>\n<li>Enviar mensajes personales e individuales a trav\u00e9s de los canales de la Red Social.<\/li>\n<li>Actualizaciones del estado de la p\u00e1gina que se publicar\u00e1n en el perfil del usuario.<\/li>\n<\/ul>\n<\/li>\n<\/ul>\n<p>El usuario siempre puede controlar sus conexiones, eliminar los contenidos que dejen de interesarle y<br \/>restringir con qui\u00e9n comparte sus conexiones, para ello deber\u00e1 acceder a su configuraci\u00f3n de privacidad.<\/p>\n<p><strong>Publicaciones<\/strong><\/p>\n<p>El usuario, una vez unido a la p\u00e1gina de INNOVATION PACKMAKERS SL, podr\u00e1 publicar en \u00e9sta \u00faltima comentarios, enlaces, im\u00e1genes o fotograf\u00edas o cualquier otro tipo de contenido multimedia soportado por la Red Social. El usuario, en todos los casos, debe ser el titular de los mismos, gozar de los derechos de autor y de propiedad intelectual o contar con el consentimiento de los terceros afectados. Se proh\u00edbe expresamente cualquier publicaci\u00f3n en la p\u00e1gina, ya sean textos, gr\u00e1ficos, fotograf\u00edas, v\u00eddeos, etc. que atenten o sean susceptibles de atentar contra la moral, la \u00e9tica, el buen gusto o el decoro, y\/o que infrinjan, violen o quebranten los derechos de propiedad intelectual o industrial, el derecho a la imagen o la Ley. En estos casos, INNOVATION PACKMAKERS SL se reserva el derecho a retirar de inmediato el contenido, pudiendo solicitar el bloqueo permanente del usuario.<br \/>INNOVATION PACKMAKERS SL no se har\u00e1 responsable de los contenidos que libremente ha publicado un usuario.<br \/>El usuario debe tener presente que sus publicaciones ser\u00e1n conocidas por los otros usuarios, por lo que \u00e9l mismo es el principal responsable de su privacidad.<br \/>Las im\u00e1genes que puedan publicarse en la p\u00e1gina no ser\u00e1n almacenadas en ning\u00fan sistema de tratamiento por parte de INNOVATION PACKMAKERS SL, pero s\u00ed que permanecer\u00e1n en la Red Social.<\/p>\n<p><strong>Concursos y promociones<\/strong><\/p>\n<p>INNOVATION PACKMAKERS SL se reserva el derecho a realizar concursos y promociones, en los que podr\u00e1 participar el usuario unido a su p\u00e1gina. Las bases de cada uno de ellos, cuando se utilice para ello la plataforma de la Red Social, ser\u00e1n publicadas en la misma. Cumpliendo siempre con la LSSI-CE y con cualquier otra norma que le sea de aplicaci\u00f3n.<br \/>La Red Social no patrocina, avala ni administra, de modo alguno, ninguna de nuestras promociones, ni est\u00e1 asociada a ninguna de ellas.<\/p>\n<p><strong>Publicidad<\/strong><\/p>\n<p>INNOVATION PACKMAKERS SL utilizar\u00e1 la Red Social para publicitar sus productos y servicios, en todo caso, si decide tratar sus datos de contacto para realizar acciones directas de prospecci\u00f3n comercial, ser\u00e1 siempre, cumpliendo con las exigencias legales de la normativa en materia de protecci\u00f3n de datos y de la LSSI-CE.<br \/>No se considerar\u00e1 publicidad el hecho de recomendar a otros usuarios la p\u00e1gina de INNOVATION PACKMAKERS SL para que tambi\u00e9n ellos puedan disfrutar de las promociones o estar informados de su actividad.<br \/>A continuaci\u00f3n, detallamos el enlace a la pol\u00edtica de privacidad de la Red Social:<\/p>\n<ul>\n<li style=\"list-style-type: none;\">\n<ul>\n<li>Facebook:\u00a0<a href=\"https:\/\/es-es.facebook.com\/privacy\/explanation\" target=\"_blank\" rel=\"noopener\">https:\/\/es-es.facebook.com\/privacy\/explanation<\/a><\/li>\n<li>Instagram:\u00a0<a href=\"https:\/\/privacycenter.instagram.com\/policy\/?entry_point=ig_help_center_data_policy_redirect\" target=\"_blank\" rel=\"noopener\">http:\/\/instagram.com\/about\/legal\/privacy\/<\/a><\/li>\n<li>Linkedin:\u00a0<a href=\"https:\/\/es.linkedin.com\/legal\/privacy-policy\" target=\"_blank\" rel=\"noopener\">https:\/\/es.linkedin.com\/legal\/privacy-policy<\/a><\/li>\n<\/ul>\n<\/li>\n<\/ul>\n<h2 class=\"wp-block-heading\">\u00a0<\/h2>\n<h2 class=\"wp-block-heading\" style=\"text-align: left;\"><span style=\"color: #000000;\">Video vigilancia<\/span><\/h2>\n<p>Seg\u00fan lo estipulado en la normativa vigente y aplicable en protecci\u00f3n de datos, se consideran datos personales toda informaci\u00f3n sobre una persona f\u00edsica identificada o identificable (el interesado) entendiendo como persona f\u00edsica a toda persona cuya identidad pueda determinarse, directa o indirectamente, en particular mediante un identificador.<\/p>\n<p>Las im\u00e1genes, consideradas informaci\u00f3n gr\u00e1fica o fotogr\u00e1fica, se establecen como un dato de car\u00e1cter personal en virtud de la normativa aplicable y vigente en protecci\u00f3n de datos. Por tanto, la captaci\u00f3n y en su caso la grabaci\u00f3n, de informaci\u00f3n personal en forma de im\u00e1genes cuando su uso afecta a personas identificadas o identificables, se considera un dato de car\u00e1cter personal.<\/p>\n<p>Las entidades podr\u00e1n llevar a cabo el tratamiento de im\u00e1genes a trav\u00e9s de sistemas de c\u00e1maras o videoc\u00e1maras con la finalidad de preservar la seguridad de las personas y bienes, as\u00ed como las de sus instalaciones.<\/p>\n<p>Asimismo, el tratamiento de los datos personales procedentes de las im\u00e1genes obtenidas mediante la utilizaci\u00f3n de c\u00e1maras y videoc\u00e1maras por las Fuerzas y Cuerpos de Seguridad se regir\u00e1 por las disposiciones sobre la materia. Asimismo, el tratamiento de im\u00e1genes en el \u00e1mbito personal y dom\u00e9stico, entendi\u00e9ndose por tal el realizado por\u00a0 una persona f\u00edsica en el marco de una actividad exclusivamente privada o familiar quedar\u00e1 exceptuado y se regir\u00e1 por las disposiciones correspondientes.<\/p>\n<p>En consecuencia, la utilizaci\u00f3n de videoc\u00e1maras y c\u00e1maras o cualquier otro medio t\u00e9cnico an\u00e1logo para fines de vigilancia repercute sobre las libertades y derechos fundamentales de las personas, siendo obligatorio fijar unas garant\u00edas.<\/p>\n<p>En lo que respecta a los derechos de las personas trabajadoras, la instalaci\u00f3n de las c\u00e1maras de videovigilancia en los centros de trabajo respetar\u00e1 siempre el derecho a la propia imagen, as\u00ed como la intimidad de las personas trabajadoras, aunque el tratamiento se limitar\u00e1 a las finalidades previstas por el Estatuto de los Trabajadores, y\/o en todo caso a finalidades leg\u00edtimas reconocidas por la normativa vigente y aplicable.<\/p>\n<p>Las entidades podr\u00e1n tratar las im\u00e1genes obtenidas a trav\u00e9s de sistemas de c\u00e1maras o videoc\u00e1maras para el ejercicio de las funciones de control de las personas trabajadoras previstas en el art\u00edculo 20.3 del Estatuto de los Trabajadores, siempre que estas funciones se ejerzan dentro de su marco legal y con los l\u00edmites inherentes al mismo. Las entidades deber\u00e1n de informar con car\u00e1cter previo, y de forma expresa, clara y concisa, a las personas trabajadoras y, en su caso, a sus representantes, acerca de esta medida.<\/p>\n<p>En ning\u00fan caso se admitir\u00e1 la instalaci\u00f3n de sistemas de grabaci\u00f3n de sonidos ni de videovigilancia en lugares destinados al descanso o esparcimiento de las personas trabajadoras, tales como vestuarios, aseos, comedores y an\u00e1logos.<\/p>\n<p>La utilizaci\u00f3n de sistemas similares para la grabaci\u00f3n de sonidos en el lugar de trabajo se admitir\u00e1 \u00fanicamente cuando resulten relevantes los riesgos para la seguridad de las instalaciones, bienes y personas derivados de la actividad que se desarrolle en el centro de trabajo y siempre respetando el principio de proporcionalidad, el de intervenci\u00f3n m\u00ednima y adoptando las garant\u00edas oportunas. La supresi\u00f3n de los sonidos conservados por estos sistemas de grabaci\u00f3n se realizar\u00e1 en el plazo m\u00e1ximo de un mes desde su captaci\u00f3n, salvo cuando hubieran de ser conservados para acreditar la comisi\u00f3n de actos que atenten contra la integridad de personas, bienes o instalaciones.<\/p>\n<p>El Responsable o Encargado del Tratamiento deber\u00e1 respetar los siguientes principios cuando trate datos con fines de videovigilancia:<\/p>\n<ul>\n<li style=\"list-style-type: none;\">\n<ul>\n<li>Debe existir una relaci\u00f3n de proporcionalidad entre la finalidad perseguida, que en todo caso deber\u00e1 ser leg\u00edtima, y el modo en el que se traten los datos.<\/li>\n<li>Debe informarse sobre la captaci\u00f3n y\/o grabaci\u00f3n de las im\u00e1genes.<\/li>\n<li>La instalaci\u00f3n de c\u00e1maras o videoc\u00e1maras s\u00f3lo es admisible cuando no exista un medio menos.<\/li>\n<li>invasivo u intrusivo a la intimidad de las personas.<\/li>\n<li>Las c\u00e1maras y videoc\u00e1maras instaladas en espacios privados no podr\u00e1n obtener im\u00e1genes de espacios p\u00fablicos. Asimismo, podr\u00edan tomarse im\u00e1genes parciales y limitadas de v\u00edas p\u00fablicas cuando resulte imprescindible para la finalidad de vigilancia que se pretende, o resulte imposible evitarlo por raz\u00f3n de la ubicaci\u00f3n de aqu\u00e9llas. En ning\u00fan caso pueda suponer la captaci\u00f3n de im\u00e1genes del interior de un domicilio privado.<\/li>\n<li>En cualquier caso, el uso de sistemas de videovigilancia deber\u00e1 ser respetuoso con los derechos de las personas y el resto del ordenamiento jur\u00eddico.<\/li>\n<li>Las im\u00e1genes ser\u00e1n suprimidas en el plazo m\u00e1ximo de un mes desde su captaci\u00f3n, salvo cuando hubieran de ser conservados para acreditar la comisi\u00f3n de actos que atenten contra la integridad de personas, bienes o instalaciones. En tal caso, las im\u00e1genes deber\u00e1n ser puestas a disposici\u00f3n de la autoridad competente en un plazo m\u00e1ximo de setenta y dos horas desde que se tuviera conocimiento de la existencia de la grabaci\u00f3n.<\/li>\n<li>Debe adoptar las medidas de \u00edndole t\u00e9cnica y organizativas necesarias que garanticen la seguridad de los datos y eviten su alteraci\u00f3n, p\u00e9rdida, tratamiento o acceso no autorizado. Asimismo, cualquier persona que por raz\u00f3n del ejercicio de sus funciones tenga acceso a los datos deber\u00e1 de observar la debida reserva, confidencialidad y sigilo en relaci\u00f3n con las mismas.<\/li>\n<\/ul>\n<\/li>\n<\/ul>\n<p>Las especiales caracter\u00edsticas que se dan en la videovigilancia comportan el dise\u00f1o de procedimientos espec\u00edficos para informar a las personas cuyas im\u00e1genes se capten. Se debe colocar, al menos, un distintivo informativo ubicado en las zonas de videovigilancia, en un lugar suficientemente visible, tanto en espacios abiertos como cerrados. Para cumplir con el deber de informaci\u00f3n, el distintivo informativo debe identificar:<\/p>\n<ul>\n<li style=\"list-style-type: none;\">\n<ul>\n<li>La existencia del tratamiento.<\/li>\n<li>La identidad de los responsables.<\/li>\n<li>Posibilidad de ejercitar los derechos en materia de Protecci\u00f3n de Datos.<\/li>\n<\/ul>\n<\/li>\n<\/ul>\n<p>Tambi\u00e9n podr\u00e1 incluirse en el distintivo informativo un c\u00f3digo de conexi\u00f3n o direcci\u00f3n de internet a esta informaci\u00f3n.<\/p>\n<p>Por otro lado, el Responsable del Tratamiento deber\u00e1 disponer de un impreso con toda la informaci\u00f3n necesaria para cumplir con el deber de informaci\u00f3n y transparencia.<\/p>\n<h2 class=\"wp-block-heading\" style=\"text-align: left;\"><span style=\"color: #000000;\">Pol\u00edtica de cookies<\/span><\/h2>\n<p>Debe tenerse en cuenta que, la utilizaci\u00f3n de las cookies en los equipos terminales de los usuarios tiene implicaciones relevantes en relaci\u00f3n con la protecci\u00f3n de datos. Y es que, mediante la utilizaci\u00f3n de cookies las entidades obtienen datos relacionados con los usuarios que posteriormente podr\u00e1n ser utilizados. Es por ello, que se determina la necesidad de informar al usuario de la utilizaci\u00f3n de cookies para que conozcan el tratamiento de datos llevado a cabo.<\/p>\n<p>INNOVATION PACKMAKERS SL debe realizar un an\u00e1lisis exhaustivo de las Cookies que, a trav\u00e9s de su p\u00e1gina web, pueden ser instaladas en los dispositivos inform\u00e1ticos de los usuarios. Conocida la finalidad de las mismas, INNOVATION PACKMAKERS SL debe cumplir con la Ley 34\/2002, de 11 de julio, de Servicios de la Sociedad de la Informaci\u00f3n y de Comercio Electr\u00f3nico (LSSI-CE), la normativa en materia de protecci\u00f3n de datos y con las recomendaciones que la Agencia Espa\u00f1ola de Protecci\u00f3n de Datos ha publicado en su Gu\u00eda sobre el uso de Cookies.<\/p>\n<p>Es necesario determinar que, quedan exceptuadas de la presente pol\u00edtica las cookies utilizadas para las siguientes finalidades:<\/p>\n<ul>\n<li style=\"list-style-type: none;\">\n<ul>\n<li>Permitir \u00fanicamente la comunicaci\u00f3n entre el equipo del usuario y la red.<\/li>\n<li>Estrictamente prestar un servicio expresamente solicitado por el usuario.<\/li>\n<\/ul>\n<\/li>\n<\/ul>\n<p>Es importante decir que, INNOVATION PACKMAKERS SL podr\u00e1 utilizar dispositivos de almacenamiento y recuperaci\u00f3n de datos en equipos terminales de los destinatarios, a condici\u00f3n de que los mismos hayan dado su consentimiento despu\u00e9s de que se les haya facilitado informaci\u00f3n clara y completa sobre su utilizaci\u00f3n.<\/p>\n<p>La informaci\u00f3n relativa a las cookies debe mostrarse siguiendo los siguientes requisitos:<\/p>\n<ul>\n<li style=\"list-style-type: none;\">\n<ul>\n<li>La informaci\u00f3n o la comunicaci\u00f3n debe ser concisa, transparente e inteligible.<\/li>\n<li>Se ha de utilizar un lenguaje claro y sencillo, evitando el uso de frases que induzcan a confusi\u00f3n o desvirt\u00faen la claridad del mensaje.<\/li>\n<li>La informaci\u00f3n ha de ser de f\u00e1cil acceso.<\/li>\n<\/ul>\n<\/li>\n<\/ul>\n<p>Se recomienda el uso de avisos de privacidad por niveles, es decir, que contengan la informaci\u00f3n en capas, de modo que se permita al usuario ir a aquellos aspectos del aviso que sean de mayor inter\u00e9s para \u00e9l, evitando as\u00ed la fatiga informativa, y ello sin perjuicio de que la totalidad de la informaci\u00f3n se encuentre disponible en un \u00fanico lugar o en un documento completo al que se pueda acceder f\u00e1cilmente si el interesado desea consultarlo en su totalidad.<\/p>\n<p>INNOVATION PACKMAKERS SL realizar\u00e1 de forma peri\u00f3dica la revisi\u00f3n de los posibles cambios que pudieran producirse en la gesti\u00f3n y uso de cookies con la finalidad de actualizar la informaci\u00f3n mostrada a los usuarios relativa a las cookies.<\/p>\n<p><strong>\u00daltima actualizaci\u00f3n:\u00a0<\/strong>13 de junio de 2025<\/p>\n<p style=\"text-align: left;\">[\/et_pb_fullwidth_header][\/et_pb_section]<\/p>\n","protected":false},"excerpt":{"rendered":"<p>De conformidad con lo establecido en la normativa vigente y aplicable de protecci\u00f3n de datos de car\u00e1cter personal y la Ley 34\/2002, de 11 de julio, de Servicios de la Sociedad de la Informaci\u00f3n y de Comercio Electr\u00f3nico (LSSI-CE), INNOVATION PACKMAKERS SL informa a los usuarios, que ha procedido a crear un perfil en la\/s [&hellip;]<\/p>\n","protected":false},"author":2,"featured_media":0,"parent":0,"menu_order":0,"comment_status":"closed","ping_status":"closed","template":"","meta":{"_et_pb_use_builder":"on","_et_pb_old_content":"","_et_gb_content_width":"","footnotes":""},"class_list":["post-829","page","type-page","status-publish","hentry"],"_links":{"self":[{"href":"https:\/\/packmakers.es\/en\/wp-json\/wp\/v2\/pages\/829","targetHints":{"allow":["GET"]}}],"collection":[{"href":"https:\/\/packmakers.es\/en\/wp-json\/wp\/v2\/pages"}],"about":[{"href":"https:\/\/packmakers.es\/en\/wp-json\/wp\/v2\/types\/page"}],"author":[{"embeddable":true,"href":"https:\/\/packmakers.es\/en\/wp-json\/wp\/v2\/users\/2"}],"replies":[{"embeddable":true,"href":"https:\/\/packmakers.es\/en\/wp-json\/wp\/v2\/comments?post=829"}],"version-history":[{"count":4,"href":"https:\/\/packmakers.es\/en\/wp-json\/wp\/v2\/pages\/829\/revisions"}],"predecessor-version":[{"id":911,"href":"https:\/\/packmakers.es\/en\/wp-json\/wp\/v2\/pages\/829\/revisions\/911"}],"wp:attachment":[{"href":"https:\/\/packmakers.es\/en\/wp-json\/wp\/v2\/media?parent=829"}],"curies":[{"name":"wp","href":"https:\/\/api.w.org\/{rel}","templated":true}]}}